{"id":28,"date":"2024-06-10T00:16:04","date_gmt":"2024-06-10T03:16:04","guid":{"rendered":"http:\/\/fbvm.org.br\/?page_id=28"},"modified":"2024-06-10T11:19:35","modified_gmt":"2024-06-10T14:19:35","slug":"galeria","status":"publish","type":"page","link":"https:\/\/fbvm.org.br\/?page_id=28","title":{"rendered":"Galeria"},"content":{"rendered":"\t\t<div data-elementor-type=\"wp-page\" data-elementor-id=\"28\" class=\"elementor elementor-28\" data-elementor-post-type=\"page\">\n\t\t\t\t<div class=\"elementor-element elementor-element-5932aad e-flex e-con-boxed e-con e-parent\" data-id=\"5932aad\" data-element_type=\"container\">\n\t\t\t\t\t<div class=\"e-con-inner\">\n\t\t\t\t<div class=\"elementor-element elementor-element-6d7070e elementor-grid-3 elementor-grid-tablet-2 elementor-grid-mobile-1 elementor-widget elementor-widget-portfolio\" data-id=\"6d7070e\" data-element_type=\"widget\" data-settings=\"{&quot;columns&quot;:&quot;3&quot;,&quot;columns_tablet&quot;:&quot;2&quot;,&quot;columns_mobile&quot;:&quot;1&quot;,&quot;item_ratio&quot;:{&quot;unit&quot;:&quot;px&quot;,&quot;size&quot;:0.66000000000000003,&quot;sizes&quot;:[]},&quot;item_gap&quot;:{&quot;unit&quot;:&quot;px&quot;,&quot;size&quot;:&quot;&quot;,&quot;sizes&quot;:[]},&quot;row_gap&quot;:{&quot;unit&quot;:&quot;px&quot;,&quot;size&quot;:&quot;&quot;,&quot;sizes&quot;:[]}}\" data-widget_type=\"portfolio.default\">\n\t\t\t\t<div class=\"elementor-widget-container\">\n\t\t\t<link rel=\"stylesheet\" href=\"https:\/\/fbvm.org.br\/wp-content\/plugins\/elementor-pro\/assets\/css\/widget-posts.min.css\">\t\t<div class=\"elementor-portfolio elementor-grid elementor-posts-container\">\n\t\t\t\t<article class=\"elementor-portfolio-item elementor-post  post-633 post type-post status-publish format-standard has-post-thumbnail hentry category-sem-categoria\">\n\t\t\t<a class=\"elementor-post__thumbnail__link\" href=\"https:\/\/fbvm.org.br\/?p=633\">\n\t\t\t\t<div class=\"elementor-portfolio-item__img elementor-post__thumbnail\">\n\t\t\t<img fetchpriority=\"high\" decoding=\"async\" width=\"300\" height=\"169\" src=\"https:\/\/fbvm.org.br\/wp-content\/uploads\/2026\/03\/WhatsApp-Image-2026-03-16-at-17.09.19-300x169.jpeg\" class=\"attachment-medium size-medium wp-image-634\" alt=\"\" srcset=\"https:\/\/fbvm.org.br\/wp-content\/uploads\/2026\/03\/WhatsApp-Image-2026-03-16-at-17.09.19-300x169.jpeg 300w, https:\/\/fbvm.org.br\/wp-content\/uploads\/2026\/03\/WhatsApp-Image-2026-03-16-at-17.09.19-1024x576.jpeg 1024w, https:\/\/fbvm.org.br\/wp-content\/uploads\/2026\/03\/WhatsApp-Image-2026-03-16-at-17.09.19-768x432.jpeg 768w, https:\/\/fbvm.org.br\/wp-content\/uploads\/2026\/03\/WhatsApp-Image-2026-03-16-at-17.09.19.jpeg 1280w\" sizes=\"(max-width: 300px) 100vw, 300px\" \/>\t\t<\/div>\n\t\t\t\t<div class=\"elementor-portfolio-item__overlay\">\n\t\t\t\t<h3 class=\"elementor-portfolio-item__title\">\n\t\tFunda\u00e7\u00e3o Mau\u00e1 inicia Jornada de Capacita\u00e7\u00e3o em S\u00e3o Paulo e refor\u00e7a forma\u00e7\u00e3o de novas lideran\u00e7as pol\u00edticas\t\t<\/h3>\n\t\t\t\t<\/div>\n\t\t\t\t<\/a>\n\t\t<\/article>\n\t\t\t\t<article class=\"elementor-portfolio-item elementor-post  post-629 post type-post status-publish format-standard has-post-thumbnail hentry category-sem-categoria\">\n\t\t\t<a class=\"elementor-post__thumbnail__link\" href=\"https:\/\/fbvm.org.br\/?p=629\">\n\t\t\t\t<div class=\"elementor-portfolio-item__img elementor-post__thumbnail\">\n\t\t\t<img decoding=\"async\" width=\"300\" height=\"169\" src=\"https:\/\/fbvm.org.br\/wp-content\/uploads\/2026\/03\/WhatsApp-Image-2026-03-06-at-15.52.17-300x169.jpeg\" class=\"attachment-medium size-medium wp-image-630\" alt=\"\" srcset=\"https:\/\/fbvm.org.br\/wp-content\/uploads\/2026\/03\/WhatsApp-Image-2026-03-06-at-15.52.17-300x169.jpeg 300w, https:\/\/fbvm.org.br\/wp-content\/uploads\/2026\/03\/WhatsApp-Image-2026-03-06-at-15.52.17-1024x576.jpeg 1024w, https:\/\/fbvm.org.br\/wp-content\/uploads\/2026\/03\/WhatsApp-Image-2026-03-06-at-15.52.17-768x432.jpeg 768w, https:\/\/fbvm.org.br\/wp-content\/uploads\/2026\/03\/WhatsApp-Image-2026-03-06-at-15.52.17.jpeg 1280w\" sizes=\"(max-width: 300px) 100vw, 300px\" \/>\t\t<\/div>\n\t\t\t\t<div class=\"elementor-portfolio-item__overlay\">\n\t\t\t\t<h3 class=\"elementor-portfolio-item__title\">\n\t\tCentro de Forma\u00e7\u00e3o da Funda\u00e7\u00e3o Mau\u00e1 realiza primeiro encontro da Jornada de Capacita\u00e7\u00e3o em Belo Horizonte\t\t<\/h3>\n\t\t\t\t<\/div>\n\t\t\t\t<\/a>\n\t\t<\/article>\n\t\t\t\t<article class=\"elementor-portfolio-item elementor-post  post-615 post type-post status-publish format-standard has-post-thumbnail hentry category-sem-categoria\">\n\t\t\t<a class=\"elementor-post__thumbnail__link\" href=\"https:\/\/fbvm.org.br\/?p=615\">\n\t\t\t\t<div class=\"elementor-portfolio-item__img elementor-post__thumbnail\">\n\t\t\t<img decoding=\"async\" width=\"300\" height=\"283\" src=\"https:\/\/fbvm.org.br\/wp-content\/uploads\/2026\/01\/WhatsApp-Image-2026-01-22-at-06.31.21-300x283.jpeg\" class=\"attachment-medium size-medium wp-image-616\" alt=\"\" srcset=\"https:\/\/fbvm.org.br\/wp-content\/uploads\/2026\/01\/WhatsApp-Image-2026-01-22-at-06.31.21-300x283.jpeg 300w, https:\/\/fbvm.org.br\/wp-content\/uploads\/2026\/01\/WhatsApp-Image-2026-01-22-at-06.31.21-1024x968.jpeg 1024w, https:\/\/fbvm.org.br\/wp-content\/uploads\/2026\/01\/WhatsApp-Image-2026-01-22-at-06.31.21-768x726.jpeg 768w, https:\/\/fbvm.org.br\/wp-content\/uploads\/2026\/01\/WhatsApp-Image-2026-01-22-at-06.31.21.jpeg 1179w\" sizes=\"(max-width: 300px) 100vw, 300px\" \/>\t\t<\/div>\n\t\t\t\t<div class=\"elementor-portfolio-item__overlay\">\n\t\t\t\t<h3 class=\"elementor-portfolio-item__title\">\n\t\tEm breve: novos cursos de Forma\u00e7\u00e3o Pol\u00edtica e Humana\t\t<\/h3>\n\t\t\t\t<\/div>\n\t\t\t\t<\/a>\n\t\t<\/article>\n\t\t\t\t<article class=\"elementor-portfolio-item elementor-post  post-611 post type-post status-publish format-standard has-post-thumbnail hentry category-sem-categoria\">\n\t\t\t<a class=\"elementor-post__thumbnail__link\" href=\"https:\/\/fbvm.org.br\/?p=611\">\n\t\t\t\t<div class=\"elementor-portfolio-item__img elementor-post__thumbnail\">\n\t\t\t<img loading=\"lazy\" decoding=\"async\" width=\"300\" height=\"168\" src=\"https:\/\/fbvm.org.br\/wp-content\/uploads\/2025\/09\/WhatsApp-Image-2025-09-23-at-14.34.03.jpeg\" class=\"attachment-medium size-medium wp-image-612\" alt=\"\" \/>\t\t<\/div>\n\t\t\t\t<div class=\"elementor-portfolio-item__overlay\">\n\t\t\t\t<h3 class=\"elementor-portfolio-item__title\">\n\t\tA for\u00e7a da internet e da mobiliza\u00e7\u00e3o digital da Gera\u00e7\u00e3o Z\t\t<\/h3>\n\t\t\t\t<\/div>\n\t\t\t\t<\/a>\n\t\t<\/article>\n\t\t\t\t<article class=\"elementor-portfolio-item elementor-post  post-607 post type-post status-publish format-standard has-post-thumbnail hentry category-sem-categoria\">\n\t\t\t<a class=\"elementor-post__thumbnail__link\" href=\"https:\/\/fbvm.org.br\/?p=607\">\n\t\t\t\t<div class=\"elementor-portfolio-item__img elementor-post__thumbnail\">\n\t\t\t<img loading=\"lazy\" decoding=\"async\" width=\"300\" height=\"300\" src=\"https:\/\/fbvm.org.br\/wp-content\/uploads\/2025\/08\/WhatsApp-Image-2025-08-04-at-14.03.06-300x300.jpeg\" class=\"attachment-medium size-medium wp-image-608\" alt=\"\" srcset=\"https:\/\/fbvm.org.br\/wp-content\/uploads\/2025\/08\/WhatsApp-Image-2025-08-04-at-14.03.06-300x300.jpeg 300w, https:\/\/fbvm.org.br\/wp-content\/uploads\/2025\/08\/WhatsApp-Image-2025-08-04-at-14.03.06-150x150.jpeg 150w, https:\/\/fbvm.org.br\/wp-content\/uploads\/2025\/08\/WhatsApp-Image-2025-08-04-at-14.03.06-768x768.jpeg 768w, https:\/\/fbvm.org.br\/wp-content\/uploads\/2025\/08\/WhatsApp-Image-2025-08-04-at-14.03.06.jpeg 1024w\" sizes=\"(max-width: 300px) 100vw, 300px\" \/>\t\t<\/div>\n\t\t\t\t<div class=\"elementor-portfolio-item__overlay\">\n\t\t\t\t<h3 class=\"elementor-portfolio-item__title\">\n\t\tO Papel do Legislativo Municipal no S\u00e9culo XXI: Inova\u00e7\u00e3o, Fiscaliza\u00e7\u00e3o e Escuta Ativa\t\t<\/h3>\n\t\t\t\t<\/div>\n\t\t\t\t<\/a>\n\t\t<\/article>\n\t\t\t\t<article class=\"elementor-portfolio-item elementor-post  post-603 post type-post status-publish format-standard has-post-thumbnail hentry category-sem-categoria\">\n\t\t\t<a class=\"elementor-post__thumbnail__link\" href=\"https:\/\/fbvm.org.br\/?p=603\">\n\t\t\t\t<div class=\"elementor-portfolio-item__img elementor-post__thumbnail\">\n\t\t\t<img loading=\"lazy\" decoding=\"async\" width=\"300\" height=\"200\" src=\"https:\/\/fbvm.org.br\/wp-content\/uploads\/2025\/06\/simon-maage-tXiMrX3Gc-g-unsplash-1-300x200.jpg\" class=\"attachment-medium size-medium wp-image-604\" alt=\"\" srcset=\"https:\/\/fbvm.org.br\/wp-content\/uploads\/2025\/06\/simon-maage-tXiMrX3Gc-g-unsplash-1-300x200.jpg 300w, https:\/\/fbvm.org.br\/wp-content\/uploads\/2025\/06\/simon-maage-tXiMrX3Gc-g-unsplash-1-1024x684.jpg 1024w, https:\/\/fbvm.org.br\/wp-content\/uploads\/2025\/06\/simon-maage-tXiMrX3Gc-g-unsplash-1-768x513.jpg 768w, https:\/\/fbvm.org.br\/wp-content\/uploads\/2025\/06\/simon-maage-tXiMrX3Gc-g-unsplash-1-1536x1026.jpg 1536w, https:\/\/fbvm.org.br\/wp-content\/uploads\/2025\/06\/simon-maage-tXiMrX3Gc-g-unsplash-1-2048x1368.jpg 2048w\" sizes=\"(max-width: 300px) 100vw, 300px\" \/>\t\t<\/div>\n\t\t\t\t<div class=\"elementor-portfolio-item__overlay\">\n\t\t\t\t<h3 class=\"elementor-portfolio-item__title\">\n\t\tO papel da juventude na reconstru\u00e7\u00e3o da pol\u00edtica brasileira\t\t<\/h3>\n\t\t\t\t<\/div>\n\t\t\t\t<\/a>\n\t\t<\/article>\n\t\t\t\t<article class=\"elementor-portfolio-item elementor-post  post-599 post type-post status-publish format-standard has-post-thumbnail hentry category-sem-categoria\">\n\t\t\t<a class=\"elementor-post__thumbnail__link\" href=\"https:\/\/fbvm.org.br\/?p=599\">\n\t\t\t\t<div class=\"elementor-portfolio-item__img elementor-post__thumbnail\">\n\t\t\t<img loading=\"lazy\" decoding=\"async\" width=\"300\" height=\"195\" src=\"https:\/\/fbvm.org.br\/wp-content\/uploads\/2025\/05\/WhatsApp-Image-2025-05-26-at-13.02.13-300x195.jpeg\" class=\"attachment-medium size-medium wp-image-600\" alt=\"\" srcset=\"https:\/\/fbvm.org.br\/wp-content\/uploads\/2025\/05\/WhatsApp-Image-2025-05-26-at-13.02.13-300x195.jpeg 300w, https:\/\/fbvm.org.br\/wp-content\/uploads\/2025\/05\/WhatsApp-Image-2025-05-26-at-13.02.13-1024x666.jpeg 1024w, https:\/\/fbvm.org.br\/wp-content\/uploads\/2025\/05\/WhatsApp-Image-2025-05-26-at-13.02.13-768x500.jpeg 768w, https:\/\/fbvm.org.br\/wp-content\/uploads\/2025\/05\/WhatsApp-Image-2025-05-26-at-13.02.13.jpeg 1179w\" sizes=\"(max-width: 300px) 100vw, 300px\" \/>\t\t<\/div>\n\t\t\t\t<div class=\"elementor-portfolio-item__overlay\">\n\t\t\t\t<h3 class=\"elementor-portfolio-item__title\">\n\t\tTecnologia e Sustentabilidade: o futuro passa pela efici\u00eancia energ\u00e9tica\t\t<\/h3>\n\t\t\t\t<\/div>\n\t\t\t\t<\/a>\n\t\t<\/article>\n\t\t\t\t<article class=\"elementor-portfolio-item elementor-post  post-595 post type-post status-publish format-standard has-post-thumbnail hentry category-sem-categoria\">\n\t\t\t<a class=\"elementor-post__thumbnail__link\" href=\"https:\/\/fbvm.org.br\/?p=595\">\n\t\t\t\t<div class=\"elementor-portfolio-item__img elementor-post__thumbnail\">\n\t\t\t<img loading=\"lazy\" decoding=\"async\" width=\"300\" height=\"198\" src=\"https:\/\/fbvm.org.br\/wp-content\/uploads\/2025\/05\/WhatsApp-Image-2025-05-19-at-15.17.48-1-300x198.jpeg\" class=\"attachment-medium size-medium wp-image-596\" alt=\"\" srcset=\"https:\/\/fbvm.org.br\/wp-content\/uploads\/2025\/05\/WhatsApp-Image-2025-05-19-at-15.17.48-1-300x198.jpeg 300w, https:\/\/fbvm.org.br\/wp-content\/uploads\/2025\/05\/WhatsApp-Image-2025-05-19-at-15.17.48-1-1024x676.jpeg 1024w, https:\/\/fbvm.org.br\/wp-content\/uploads\/2025\/05\/WhatsApp-Image-2025-05-19-at-15.17.48-1-768x507.jpeg 768w, https:\/\/fbvm.org.br\/wp-content\/uploads\/2025\/05\/WhatsApp-Image-2025-05-19-at-15.17.48-1.jpeg 1179w\" sizes=\"(max-width: 300px) 100vw, 300px\" \/>\t\t<\/div>\n\t\t\t\t<div class=\"elementor-portfolio-item__overlay\">\n\t\t\t\t<h3 class=\"elementor-portfolio-item__title\">\n\t\tEnergia Renov\u00e1vel e Sustentabilidade: Desafios e Impactos para o Futuro do Brasil\t\t<\/h3>\n\t\t\t\t<\/div>\n\t\t\t\t<\/a>\n\t\t<\/article>\n\t\t\t\t<article class=\"elementor-portfolio-item elementor-post  post-589 post type-post status-publish format-standard has-post-thumbnail hentry category-sem-categoria\">\n\t\t\t<a class=\"elementor-post__thumbnail__link\" href=\"https:\/\/fbvm.org.br\/?p=589\">\n\t\t\t\t<div class=\"elementor-portfolio-item__img elementor-post__thumbnail\">\n\t\t\t<img loading=\"lazy\" decoding=\"async\" width=\"300\" height=\"225\" src=\"https:\/\/fbvm.org.br\/wp-content\/uploads\/2025\/05\/WhatsApp-Image-2025-05-12-at-15.37.00-300x225.jpeg\" class=\"attachment-medium size-medium wp-image-591\" alt=\"\" srcset=\"https:\/\/fbvm.org.br\/wp-content\/uploads\/2025\/05\/WhatsApp-Image-2025-05-12-at-15.37.00-300x225.jpeg 300w, https:\/\/fbvm.org.br\/wp-content\/uploads\/2025\/05\/WhatsApp-Image-2025-05-12-at-15.37.00-1024x768.jpeg 1024w, https:\/\/fbvm.org.br\/wp-content\/uploads\/2025\/05\/WhatsApp-Image-2025-05-12-at-15.37.00-768x576.jpeg 768w, https:\/\/fbvm.org.br\/wp-content\/uploads\/2025\/05\/WhatsApp-Image-2025-05-12-at-15.37.00-1536x1152.jpeg 1536w, https:\/\/fbvm.org.br\/wp-content\/uploads\/2025\/05\/WhatsApp-Image-2025-05-12-at-15.37.00.jpeg 1600w\" sizes=\"(max-width: 300px) 100vw, 300px\" \/>\t\t<\/div>\n\t\t\t\t<div class=\"elementor-portfolio-item__overlay\">\n\t\t\t\t<h3 class=\"elementor-portfolio-item__title\">\n\t\tCOP30: Uma Nova Oportunidade para o Brasil Liderar o Debate Ambiental Global\t\t<\/h3>\n\t\t\t\t<\/div>\n\t\t\t\t<\/a>\n\t\t<\/article>\n\t\t\t\t<article class=\"elementor-portfolio-item elementor-post  post-118 post type-post status-publish format-standard has-post-thumbnail hentry category-sem-categoria\">\n\t\t\t<a class=\"elementor-post__thumbnail__link\" href=\"https:\/\/fbvm.org.br\/?p=118\">\n\t\t\t\t<div class=\"elementor-portfolio-item__img elementor-post__thumbnail\">\n\t\t\t<img loading=\"lazy\" decoding=\"async\" width=\"300\" height=\"180\" src=\"https:\/\/fbvm.org.br\/wp-content\/uploads\/2024\/06\/congresso.jpeg\" class=\"attachment-medium size-medium wp-image-119\" alt=\"\" \/>\t\t<\/div>\n\t\t\t\t<div class=\"elementor-portfolio-item__overlay\">\n\t\t\t\t<h3 class=\"elementor-portfolio-item__title\">\n\t\tCongresso derruba veto que proibia federa\u00e7\u00e3o de partidos e regra passar\u00e1 a valer\t\t<\/h3>\n\t\t\t\t<\/div>\n\t\t\t\t<\/a>\n\t\t<\/article>\n\t\t\t\t<article class=\"elementor-portfolio-item elementor-post  post-126 post type-post status-publish format-standard has-post-thumbnail hentry category-sem-categoria\">\n\t\t\t<a class=\"elementor-post__thumbnail__link\" href=\"https:\/\/fbvm.org.br\/?p=126\">\n\t\t\t\t<div class=\"elementor-portfolio-item__img elementor-post__thumbnail\">\n\t\t\t<img loading=\"lazy\" decoding=\"async\" width=\"300\" height=\"179\" src=\"https:\/\/fbvm.org.br\/wp-content\/uploads\/2024\/06\/eleicoes.png\" class=\"attachment-medium size-medium wp-image-128\" alt=\"\" \/>\t\t<\/div>\n\t\t\t\t<div class=\"elementor-portfolio-item__overlay\">\n\t\t\t\t<h3 class=\"elementor-portfolio-item__title\">\n\t\tElei\u00e7\u00f5es e democracia\t\t<\/h3>\n\t\t\t\t<\/div>\n\t\t\t\t<\/a>\n\t\t<\/article>\n\t\t\t\t<article class=\"elementor-portfolio-item elementor-post  post-121 post type-post status-publish format-standard has-post-thumbnail hentry category-sem-categoria\">\n\t\t\t<a class=\"elementor-post__thumbnail__link\" href=\"https:\/\/fbvm.org.br\/?p=121\">\n\t\t\t\t<div class=\"elementor-portfolio-item__img elementor-post__thumbnail\">\n\t\t\t<img loading=\"lazy\" decoding=\"async\" width=\"300\" height=\"196\" src=\"https:\/\/fbvm.org.br\/wp-content\/uploads\/2024\/06\/mulheres.png\" class=\"attachment-medium size-medium wp-image-122\" alt=\"\" \/>\t\t<\/div>\n\t\t\t\t<div class=\"elementor-portfolio-item__overlay\">\n\t\t\t\t<h3 class=\"elementor-portfolio-item__title\">\n\t\tMulheres, relativismo e guerra do Afeganist\u00e3o\t\t<\/h3>\n\t\t\t\t<\/div>\n\t\t\t\t<\/a>\n\t\t<\/article>\n\t\t\t\t<\/div>\n\t\t\t\t<\/div>\n\t\t\t\t<\/div>\n\t\t\t\t\t<\/div>\n\t\t\t\t<\/div>\n\t\t\t\t<\/div>\n\t\t","protected":false},"excerpt":{"rendered":"","protected":false},"author":1,"featured_media":0,"parent":0,"menu_order":0,"comment_status":"closed","ping_status":"closed","template":"","meta":{"footnotes":""},"class_list":["post-28","page","type-page","status-publish","hentry"],"_links":{"self":[{"href":"https:\/\/fbvm.org.br\/index.php?rest_route=\/wp\/v2\/pages\/28","targetHints":{"allow":["GET"]}}],"collection":[{"href":"https:\/\/fbvm.org.br\/index.php?rest_route=\/wp\/v2\/pages"}],"about":[{"href":"https:\/\/fbvm.org.br\/index.php?rest_route=\/wp\/v2\/types\/page"}],"author":[{"embeddable":true,"href":"https:\/\/fbvm.org.br\/index.php?rest_route=\/wp\/v2\/users\/1"}],"replies":[{"embeddable":true,"href":"https:\/\/fbvm.org.br\/index.php?rest_route=%2Fwp%2Fv2%2Fcomments&post=28"}],"version-history":[{"count":10,"href":"https:\/\/fbvm.org.br\/index.php?rest_route=\/wp\/v2\/pages\/28\/revisions"}],"predecessor-version":[{"id":536,"href":"https:\/\/fbvm.org.br\/index.php?rest_route=\/wp\/v2\/pages\/28\/revisions\/536"}],"wp:attachment":[{"href":"https:\/\/fbvm.org.br\/index.php?rest_route=%2Fwp%2Fv2%2Fmedia&parent=28"}],"curies":[{"name":"wp","href":"https:\/\/api.w.org\/{rel}","templated":true}]}}